{"id":64,"date":"2024-02-21T18:37:34","date_gmt":"2024-02-21T18:37:34","guid":{"rendered":"https:\/\/penhalta.com\/valencia\/?page_id=64"},"modified":"2026-01-16T16:53:24","modified_gmt":"2026-01-16T16:53:24","slug":"vestidos-de-novia-fiesta-y-ceremonia-y-trajes-de-novio-y-acompanante","status":"publish","type":"page","link":"https:\/\/penhalta.com\/valencia\/","title":{"rendered":"Inicio"},"content":{"rendered":"<p>[et_pb_section fb_built=&#8221;1&#8243; fullwidth=&#8221;on&#8221; admin_label=&#8221;Hero&#8221; _builder_version=&#8221;4.24.2&#8243; _module_preset=&#8221;default&#8221; hover_enabled=&#8221;0&#8243; collapsed=&#8221;on&#8221; global_colors_info=&#8221;{}&#8221; sticky_enabled=&#8221;0&#8243;][et_pb_fullwidth_slider _builder_version=&#8221;4.27.0&#8243; _module_preset=&#8221;default&#8221; hover_enabled=&#8221;0&#8243; custom_css_slide_description=&#8221;animation-name: none !important;&#8221; global_colors_info=&#8221;{}&#8221; sticky_enabled=&#8221;0&#8243;][et_pb_slide heading=&#8221;Novia&#8221; button_text=&#8221;Descubre la colecci\u00f3n&#8221; button_link=&#8221;https:\/\/penhalta.com\/valencia\/novia\/&#8221; use_bg_overlay=&#8221;on&#8221; bg_overlay_color=&#8221;RGBA(26,25,25,0.6)&#8221; _builder_version=&#8221;4.27.0&#8243; _module_preset=&#8221;default&#8221; header_font=&#8221;Raleway||||||||&#8221; header_text_align=&#8221;center&#8221; header_font_size=&#8221;20px&#8221; body_font=&#8221;Raleway|700|||||||&#8221; body_text_align=&#8221;center&#8221; body_font_size=&#8221;46px&#8221; background_color=&#8221;#1A1919&#8243; background_enable_color=&#8221;on&#8221; background_image=&#8221;https:\/\/penhalta.com\/valencia\/wp-content\/uploads\/2025\/11\/13A3905-scaled.jpg&#8221; background_enable_image=&#8221;on&#8221; custom_button=&#8221;on&#8221; button_text_size=&#8221;14px&#8221; button_font=&#8221;Raleway||||||||&#8221; custom_padding=&#8221;200px||200px||true|false&#8221; custom_padding_tablet=&#8221;200px||200px||true|false&#8221; custom_padding_phone=&#8221;100px||100px||true|false&#8221; custom_padding_last_edited=&#8221;on|phone&#8221; hover_enabled=&#8221;0&#8243; header_font_size_tablet=&#8221;20px&#8221; header_font_size_phone=&#8221;14px&#8221; header_font_size_last_edited=&#8221;on|phone&#8221; body_font_size_tablet=&#8221;46px&#8221; body_font_size_phone=&#8221;28px&#8221; body_font_size_last_edited=&#8221;on|phone&#8221; global_colors_info=&#8221;{}&#8221; sticky_transition=&#8221;on&#8221; sticky_enabled=&#8221;0&#8243;]<\/p>\n<p>Nueva Colecci\u00f3n<\/p>\n<p>[\/et_pb_slide][et_pb_slide heading=&#8221;Festeras&#8221; button_text=&#8221;Descubre la colecci\u00f3n&#8221; button_link=&#8221;https:\/\/penhalta.com\/valencia\/tienda-atelier\/&#8221; use_bg_overlay=&#8221;on&#8221; bg_overlay_color=&#8221;RGBA(26,25,25,0.6)&#8221; _builder_version=&#8221;4.27.0&#8243; _module_preset=&#8221;default&#8221; header_font=&#8221;Raleway||||||||&#8221; header_text_align=&#8221;center&#8221; header_font_size=&#8221;20px&#8221; body_font=&#8221;Raleway|700|||||||&#8221; body_text_align=&#8221;center&#8221; body_font_size=&#8221;46px&#8221; background_color=&#8221;#1A1919&#8243; background_enable_color=&#8221;on&#8221; background_image=&#8221;https:\/\/penhalta.com\/valencia\/wp-content\/uploads\/2025\/07\/10-scaled.jpg&#8221; background_enable_image=&#8221;on&#8221; background_position=&#8221;top_center&#8221; custom_button=&#8221;on&#8221; button_text_size=&#8221;14px&#8221; button_font=&#8221;Raleway||||||||&#8221; custom_padding=&#8221;200px||200px||true|false&#8221; custom_padding_tablet=&#8221;200px||200px||true|false&#8221; custom_padding_phone=&#8221;100px||100px||true|false&#8221; custom_padding_last_edited=&#8221;on|phone&#8221; header_font_size_tablet=&#8221;20px&#8221; header_font_size_phone=&#8221;14px&#8221; header_font_size_last_edited=&#8221;on|phone&#8221; body_font_size_tablet=&#8221;46px&#8221; body_font_size_phone=&#8221;28px&#8221; body_font_size_last_edited=&#8221;on|phone&#8221; global_colors_info=&#8221;{}&#8221; sticky_transition=&#8221;on&#8221;]<\/p>\n<p>Nueva Colecci\u00f3n<\/p>\n<p>[\/et_pb_slide][\/et_pb_fullwidth_slider][\/et_pb_section][et_pb_section fb_built=&#8221;1&#8243; custom_padding_last_edited=&#8221;on|phone&#8221; admin_label=&#8221;Visita nuestras tiendas&#8221; _builder_version=&#8221;4.27.0&#8243; _module_preset=&#8221;default&#8221; min_height=&#8221;540.6px&#8221; custom_margin=&#8221;0px|0px|0px|0px|true|true&#8221; custom_padding=&#8221;70px|0px|70px|0px|true|true&#8221; custom_padding_tablet=&#8221;0px|0px|0px|0px|true|true&#8221; custom_padding_phone=&#8221;50px|0px|50px|0px|true|true&#8221; custom_css_free_form=&#8221;.banner-container .et_pb_column_1 {||  display: flex;||  flex-direction: column;||  justify-content: space-between;||  gap: 16px;||}||||.banner {||  display: flex;||  flex-direction: column;||  justify-content: flex-end;||}||||.banner-half {||  height: 100%;||}&#8221; global_module=&#8221;7305&#8243; saved_tabs=&#8221;all&#8221; collapsed=&#8221;off&#8221; global_colors_info=&#8221;{}&#8221;][et_pb_row column_structure=&#8221;1_3,1_3,1_3&#8243; use_custom_gutter=&#8221;on&#8221; gutter_width=&#8221;2&#8243; _builder_version=&#8221;4.27.0&#8243; _module_preset=&#8221;default&#8221; custom_margin=&#8221;0px||||false|false&#8221; custom_padding=&#8221;0px||0px||false|false&#8221; hover_enabled=&#8221;0&#8243; collapsed=&#8221;on&#8221; global_colors_info=&#8221;{}&#8221; sticky_enabled=&#8221;0&#8243;][et_pb_column type=&#8221;1_3&#8243; _builder_version=&#8221;4.24.2&#8243; _module_preset=&#8221;default&#8221; global_colors_info=&#8221;{}&#8221;][et_pb_blurb title=&#8221;Novia&#8221; module_class=&#8221;image-cursor&#8221; _builder_version=&#8221;4.27.0&#8243; _dynamic_attributes=&#8221;link_option_url&#8221; _module_preset=&#8221;default&#8221; header_level=&#8221;h3&#8243; header_font=&#8221;Raleway|700|||||||&#8221; header_font_size=&#8221;28px&#8221; header_line_height=&#8221;0.4em&#8221; body_font_size=&#8221;12px&#8221; background_image=&#8221;https:\/\/penhalta.com\/valencia\/wp-content\/uploads\/2025\/11\/Diseno-sin-titulo.png&#8221; background_layout=&#8221;dark&#8221; custom_padding=&#8221;300px|20px|20px|20px|false|true&#8221; custom_padding_tablet=&#8221;250px|20px|20px|20px|false|true&#8221; custom_padding_phone=&#8221;100px|20px|20px|20px|false|true&#8221; custom_padding_last_edited=&#8221;on|desktop&#8221; link_option_url=&#8221;@ET-DC@eyJkeW5hbWljIjp0cnVlLCJjb250ZW50IjoicG9zdF9saW5rX3VybF9wYWdlIiwic2V0dGluZ3MiOnsicG9zdF9pZCI6IjUzIn19@&#8221; header_font_size_tablet=&#8221;28px&#8221; header_font_size_phone=&#8221;18px&#8221; header_font_size_last_edited=&#8221;on|phone&#8221; global_colors_info=&#8221;{}&#8221;]<\/p>\n<p>C\/ San Vicente 70 (planta 1), Valencia<\/p>\n<p>[\/et_pb_blurb][\/et_pb_column][et_pb_column type=&#8221;1_3&#8243; _builder_version=&#8221;4.24.2&#8243; _module_preset=&#8221;default&#8221; global_colors_info=&#8221;{}&#8221;][et_pb_blurb title=&#8221;Festera&#8221; _builder_version=&#8221;4.27.0&#8243; _dynamic_attributes=&#8221;link_option_url&#8221; _module_preset=&#8221;default&#8221; header_level=&#8221;h3&#8243; header_font=&#8221;Raleway|700|||||||&#8221; header_font_size=&#8221;28px&#8221; header_line_height=&#8221;0.4em&#8221; body_font_size=&#8221;12px&#8221; background_image=&#8221;https:\/\/penhalta.com\/valencia\/wp-content\/uploads\/2025\/09\/FESTERA.png&#8221; background_layout=&#8221;dark&#8221; custom_padding=&#8221;300px|20px|20px|20px|false|true&#8221; custom_padding_tablet=&#8221;250px|20px|20px|20px|false|true&#8221; custom_padding_phone=&#8221;100px|20px|20px|20px|false|true&#8221; custom_padding_last_edited=&#8221;on|desktop&#8221; link_option_url=&#8221;@ET-DC@eyJkeW5hbWljIjp0cnVlLCJjb250ZW50IjoicG9zdF9saW5rX3VybF9wYWdlIiwic2V0dGluZ3MiOnsicG9zdF9pZCI6IjU1In19@&#8221; header_font_size_tablet=&#8221;28px&#8221; header_font_size_phone=&#8221;18px&#8221; header_font_size_last_edited=&#8221;on|phone&#8221; global_colors_info=&#8221;{}&#8221;]<\/p>\n<p>C\/ San Vicente 70 (planta 1), Valencia<\/p>\n<p>[\/et_pb_blurb][\/et_pb_column][et_pb_column type=&#8221;1_3&#8243; _builder_version=&#8221;4.24.2&#8243; _module_preset=&#8221;default&#8221; global_colors_info=&#8221;{}&#8221;][et_pb_blurb title=&#8221;Novio&#8221; _builder_version=&#8221;4.27.0&#8243; _dynamic_attributes=&#8221;link_option_url&#8221; _module_preset=&#8221;default&#8221; header_level=&#8221;h3&#8243; header_font=&#8221;Raleway|700|||||||&#8221; header_font_size=&#8221;28px&#8221; header_line_height=&#8221;0.4em&#8221; body_font_size=&#8221;12px&#8221; background_image=&#8221;https:\/\/penhalta.com\/valencia\/wp-content\/uploads\/2025\/09\/CABALLERO.png&#8221; background_layout=&#8221;dark&#8221; custom_padding=&#8221;300px|20px|20px|20px|false|true&#8221; custom_padding_tablet=&#8221;250px|20px|20px|20px|false|true&#8221; custom_padding_phone=&#8221;100px|20px|20px|20px|false|true&#8221; custom_padding_last_edited=&#8221;on|desktop&#8221; link_option_url=&#8221;@ET-DC@eyJkeW5hbWljIjp0cnVlLCJjb250ZW50IjoicG9zdF9saW5rX3VybF9wYWdlIiwic2V0dGluZ3MiOnsicG9zdF9pZCI6IjU3In19@&#8221; header_font_size_tablet=&#8221;28px&#8221; header_font_size_phone=&#8221;18px&#8221; header_font_size_last_edited=&#8221;on|phone&#8221; global_colors_info=&#8221;{}&#8221;]<\/p>\n<p>C\/ San Vicente 70 (planta 0), Valencia<\/p>\n<p>[\/et_pb_blurb][\/et_pb_column][\/et_pb_row][et_pb_row _builder_version=&#8221;4.27.0&#8243; _module_preset=&#8221;default&#8221; custom_margin_tablet=&#8221;&#8221; custom_margin_phone=&#8221;||0px||false|false&#8221; custom_margin_last_edited=&#8221;on|phone&#8221; custom_padding=&#8221;||0px||false|false&#8221; collapsed=&#8221;on&#8221; global_colors_info=&#8221;{}&#8221;][et_pb_column type=&#8221;4_4&#8243; _builder_version=&#8221;4.24.2&#8243; _module_preset=&#8221;default&#8221; global_colors_info=&#8221;{}&#8221;][et_pb_button button_url=&#8221;@ET-DC@eyJkeW5hbWljIjp0cnVlLCJjb250ZW50IjoicG9zdF9saW5rX3VybF9wYWdlIiwic2V0dGluZ3MiOnsicG9zdF9pZCI6IjcwODEifX0=@&#8221; button_text=&#8221;Ver todos los vestidos&#8221; button_alignment=&#8221;center&#8221; _builder_version=&#8221;4.26.0&#8243; _dynamic_attributes=&#8221;button_url&#8221; _module_preset=&#8221;default&#8221; custom_button=&#8221;on&#8221; button_text_size=&#8221;16px&#8221; button_text_color=&#8221;#FAF7F5&#8243; button_bg_color=&#8221;#1A1919&#8243; button_border_color=&#8221;#1A1919&#8243; button_border_radius=&#8221;5px&#8221; background_layout=&#8221;dark&#8221; custom_margin=&#8221;30px||||false|false&#8221; global_colors_info=&#8221;{}&#8221;][\/et_pb_button][\/et_pb_column][\/et_pb_row][\/et_pb_section][et_pb_section fb_built=&#8221;1&#8243; fullwidth=&#8221;on&#8221; admin_label=&#8221;Banner&#8221; _builder_version=&#8221;4.24.2&#8243; _module_preset=&#8221;default&#8221; background_image=&#8221;https:\/\/penhalta.com\/valencia\/wp-content\/uploads\/2024\/02\/bg-banner-home-scaled.jpg&#8221; width=&#8221;100%&#8221; max_height=&#8221;30vh&#8221; custom_margin=&#8221;0px|0px|0px|0px|false|true&#8221; custom_padding=&#8221;0px|0px|0px|0px|true|true&#8221; collapsed=&#8221;on&#8221; global_colors_info=&#8221;{}&#8221;][et_pb_fullwidth_slider _builder_version=&#8221;4.27.0&#8243; _module_preset=&#8221;default&#8221; max_height=&#8221;30vh&#8221; custom_css_free_form=&#8221;p {||  text-shadow: none;||}&#8221; custom_css_slide_description=&#8221;animation-name: none;&#8221; global_colors_info=&#8221;{}&#8221;][et_pb_slide use_bg_overlay=&#8221;off&#8221; use_text_overlay=&#8221;off&#8221; _builder_version=&#8221;4.27.0&#8243; _module_preset=&#8221;default&#8221; body_font=&#8221;Raleway||||||||&#8221; body_text_align=&#8221;center&#8221; body_text_color=&#8221;#FFFFFF&#8221; body_font_size=&#8221;20px&#8221; background_image=&#8221;https:\/\/penhalta.com\/valencia\/wp-content\/uploads\/2025\/09\/PHOTO-2023-07-25-13-30-52.jpg&#8221; background_enable_image=&#8221;on&#8221; text_orientation=&#8221;center&#8221; custom_padding=&#8221;100px|0px|100px|0px|true|true&#8221; custom_padding_tablet=&#8221;100px|0px|100px|0px|true|true&#8221; custom_padding_phone=&#8221;50px||50px||true|true&#8221; custom_padding_last_edited=&#8221;on|phone&#8221; body_font_size_tablet=&#8221;20px&#8221; body_font_size_phone=&#8221;14px&#8221; body_font_size_last_edited=&#8221;on|phone&#8221; global_colors_info=&#8221;{}&#8221; sticky_transition=&#8221;on&#8221;]<\/p>\n<p style=\"text-align: center;\"><strong data-start=\"115\" data-end=\"200\">Penhalta es una firma internacional de referencia en moda nupcial y de ceremonia.<\/strong><br data-start=\"200\" data-end=\"203\" \/><span>Con m\u00e1s de 50 a\u00f1os de historia, hemos acompa\u00f1ado a miles de novias, novios, madrinas e invitadas en su gran d\u00eda, creando dise\u00f1os \u00fanicos que unen <\/span><strong data-start=\"348\" data-end=\"385\">tradici\u00f3n, elegancia e innovaci\u00f3n<\/strong><span>. <\/span><\/p>\n<p>&nbsp;<\/p>\n<p>[\/et_pb_slide][\/et_pb_fullwidth_slider][\/et_pb_section][et_pb_section fb_built=&#8221;1&#8243; custom_padding_last_edited=&#8221;on|phone&#8221; admin_label=&#8221;Productos destacados &#8211; Tienda Penhalta&#8221; _builder_version=&#8221;4.24.2&#8243; _module_preset=&#8221;default&#8221; custom_margin=&#8221;0px||0px||false|false&#8221; custom_padding=&#8221;70px||70px||true|false&#8221; custom_padding_tablet=&#8221;70px||70px||true|false&#8221; custom_padding_phone=&#8221;50px||20px||false|false&#8221; collapsed=&#8221;off&#8221; global_colors_info=&#8221;{}&#8221;][et_pb_row use_custom_gutter=&#8221;on&#8221; admin_label=&#8221;Fila&#8221; _builder_version=&#8221;4.24.2&#8243; _module_preset=&#8221;default&#8221; custom_margin=&#8221;0px||0px||false|false&#8221; custom_padding=&#8221;0px||0px||false|false&#8221; global_colors_info=&#8221;{}&#8221;][et_pb_column type=&#8221;4_4&#8243; _builder_version=&#8221;4.24.2&#8243; _module_preset=&#8221;default&#8221; global_colors_info=&#8221;{}&#8221;][et_pb_heading title=&#8221;Los favoritos de nuestras novias&#8221; _builder_version=&#8221;4.27.0&#8243; _module_preset=&#8221;default&#8221; title_level=&#8221;h2&#8243; title_font=&#8221;Raleway|700|||||||&#8221; title_text_align=&#8221;center&#8221; title_text_color=&#8221;#1A1919&#8243; title_font_size=&#8221;28px&#8221; custom_margin=&#8221;||30px||false|false&#8221; custom_padding=&#8221;||||false|false&#8221; title_font_size_tablet=&#8221;28px&#8221; title_font_size_phone=&#8221;22px&#8221; title_font_size_last_edited=&#8221;on|phone&#8221; global_colors_info=&#8221;{}&#8221;][\/et_pb_heading][et_pb_shop type=&#8221;product_category&#8221; posts_number=&#8221;4&#8243; include_categories=&#8221;99&#8243; columns_number=&#8221;4&#8243; orderby=&#8221;menu_order&#8221; icon_hover_color=&#8221;RGBA(255,255,255,0)&#8221; hover_overlay_color=&#8221;RGBA(255,255,255,0)&#8221; show_price=&#8221;off&#8221; show_rating=&#8221;off&#8221; show_sale_badge=&#8221;off&#8221; _builder_version=&#8221;4.27.0&#8243; _module_preset=&#8221;default&#8221; text_orientation=&#8221;center&#8221; custom_margin=&#8221;||0px||false|false&#8221; custom_padding_tablet=&#8221;&#8221; custom_padding_phone=&#8221;||0px||false|false&#8221; custom_padding_last_edited=&#8221;on|phone&#8221; global_colors_info=&#8221;{}&#8221;][\/et_pb_shop][\/et_pb_column][\/et_pb_row][et_pb_row _builder_version=&#8221;4.26.0&#8243; _module_preset=&#8221;default&#8221; custom_margin_tablet=&#8221;&#8221; custom_margin_phone=&#8221;||0px||false|false&#8221; custom_margin_last_edited=&#8221;on|phone&#8221; custom_padding=&#8221;0px||30px||false|false&#8221; global_colors_info=&#8221;{}&#8221;][et_pb_column type=&#8221;4_4&#8243; _builder_version=&#8221;4.24.2&#8243; _module_preset=&#8221;default&#8221; global_colors_info=&#8221;{}&#8221;][et_pb_button button_url=&#8221;@ET-DC@eyJkeW5hbWljIjp0cnVlLCJjb250ZW50IjoicG9zdF9saW5rX3VybF9wYWdlIiwic2V0dGluZ3MiOnsicG9zdF9pZCI6IjUzIn19@&#8221; button_text=&#8221;M\u00e1s vestidos Tienda Penhalta&#8221; button_alignment=&#8221;center&#8221; _builder_version=&#8221;4.26.0&#8243; _dynamic_attributes=&#8221;button_url&#8221; _module_preset=&#8221;default&#8221; custom_button=&#8221;on&#8221; button_text_size=&#8221;16px&#8221; button_text_color=&#8221;#FAF7F5&#8243; button_bg_color=&#8221;#1A1919&#8243; button_border_color=&#8221;#1A1919&#8243; button_border_radius=&#8221;5px&#8221; background_layout=&#8221;dark&#8221; custom_margin=&#8221;30px||||false|false&#8221; custom_margin_tablet=&#8221;30px||||false|false&#8221; custom_margin_phone=&#8221;0px||||false|false&#8221; custom_margin_last_edited=&#8221;on|phone&#8221; global_colors_info=&#8221;{}&#8221;][\/et_pb_button][\/et_pb_column][\/et_pb_row][\/et_pb_section][et_pb_section fb_built=&#8221;1&#8243; admin_label=&#8221;Atelier by Penhalta&#8221; _builder_version=&#8221;4.24.2&#8243; _module_preset=&#8221;default&#8221; background_color=&#8221;#F7F7F7&#8243; custom_padding=&#8221;0px||0px||true|false&#8221; collapsed=&#8221;on&#8221; global_colors_info=&#8221;{}&#8221;][et_pb_row column_structure=&#8221;1_2,1_2&#8243; custom_padding_last_edited=&#8221;on|phone&#8221; _builder_version=&#8221;4.24.2&#8243; _module_preset=&#8221;default&#8221; custom_padding=&#8221;50px||50px||true|false&#8221; custom_padding_tablet=&#8221;50px||50px||true|false&#8221; custom_padding_phone=&#8221;||||true|false&#8221; global_colors_info=&#8221;{}&#8221;][et_pb_column type=&#8221;1_2&#8243; _builder_version=&#8221;4.24.2&#8243; _module_preset=&#8221;default&#8221; global_colors_info=&#8221;{}&#8221;][et_pb_image src=&#8221;https:\/\/penhalta.com\/valencia\/wp-content\/uploads\/2025\/01\/AVANCE26-scaled.jpg&#8221; title_text=&#8221;AVANCE26&#8243; src_tablet=&#8221;https:\/\/penhalta.com\/valencia\/wp-content\/uploads\/2024\/04\/610-full.jpg&#8221; src_phone=&#8221;https:\/\/penhalta.com\/valencia\/wp-content\/uploads\/2024\/04\/610-full.jpg&#8221; src_last_edited=&#8221;on|desktop&#8221; _builder_version=&#8221;4.27.0&#8243; _module_preset=&#8221;default&#8221; custom_margin=&#8221;|92px||||&#8221; custom_margin_tablet=&#8221;|92px||||&#8221; custom_margin_phone=&#8221;|0px|||false|false&#8221; custom_margin_last_edited=&#8221;on|phone&#8221; global_colors_info=&#8221;{}&#8221;][\/et_pb_image][\/et_pb_column][et_pb_column type=&#8221;1_2&#8243; _builder_version=&#8221;4.24.2&#8243; _module_preset=&#8221;default&#8221; global_colors_info=&#8221;{}&#8221;][et_pb_heading title=&#8221;Tradici\u00f3n Festera&#8221; _builder_version=&#8221;4.27.0&#8243; _module_preset=&#8221;default&#8221; title_level=&#8221;h2&#8243; title_font=&#8221;Raleway|700|||||||&#8221; title_text_align=&#8221;left&#8221; title_text_color=&#8221;#1A1919&#8243; title_font_size=&#8221;28px&#8221; custom_margin=&#8221;||10px||false|false&#8221; title_font_size_tablet=&#8221;28px&#8221; title_font_size_phone=&#8221;22px&#8221; title_font_size_last_edited=&#8221;on|phone&#8221; global_colors_info=&#8221;{}&#8221;][\/et_pb_heading][et_pb_text _builder_version=&#8221;4.27.0&#8243; _module_preset=&#8221;default&#8221; text_font=&#8221;Raleway||||||||&#8221; text_text_color=&#8221;#1A1919&#8243; text_font_size=&#8221;16px&#8221; text_font_size_tablet=&#8221;16px&#8221; text_font_size_phone=&#8221;14px&#8221; text_font_size_last_edited=&#8221;on|phone&#8221; global_colors_info=&#8221;{}&#8221;]<\/p>\n<p>Bajo el paraguas de nuestra firma,<span>\u00a0llevamos a\u00f1os vistiendo a las <\/span><strong data-start=\"183\" data-end=\"222\">festeras de toda la Comunidad Valenciana<\/strong><span>, uniendo <\/span><strong data-start=\"232\" data-end=\"261\">tradici\u00f3n y dise\u00f1o actual<\/strong><span> en cada creaci\u00f3n. Nuestros trajes rinden homenaje a la historia y al car\u00e1cter de la fiesta, con el cuidado y la elegancia que nos definen.<\/span><\/p>\n<p><span>Sabemos que cada festera vive un momento \u00fanico y especial, por eso dise\u00f1amos a medida y con dedicaci\u00f3n, cuidando de cada detalle de forma personalizada para que cada una de vosotras luzca <strong data-start=\"660\" data-end=\"695\">aut\u00e9ntica, radiante y orgullosa<\/strong> de su fiesta.<\/span><\/p>\n<p>[\/et_pb_text][\/et_pb_column][\/et_pb_row][\/et_pb_section][et_pb_section fb_built=&#8221;1&#8243; custom_padding_last_edited=&#8221;on|phone&#8221; admin_label=&#8221;Productos destacados &#8211; Tienda Atelier&#8221; _builder_version=&#8221;4.24.2&#8243; _module_preset=&#8221;default&#8221; custom_margin=&#8221;0px||0px||false|false&#8221; custom_padding=&#8221;70px||70px||true|false&#8221; custom_padding_tablet=&#8221;70px||70px||true|false&#8221; custom_padding_phone=&#8221;50px||20px||false|false&#8221; collapsed=&#8221;off&#8221; global_colors_info=&#8221;{}&#8221;][et_pb_row use_custom_gutter=&#8221;on&#8221; custom_padding_last_edited=&#8221;on|desktop&#8221; admin_label=&#8221;Fila&#8221; _builder_version=&#8221;4.24.2&#8243; _module_preset=&#8221;default&#8221; custom_margin=&#8221;0px||||false|false&#8221; custom_padding=&#8221;0px||0px||false|false&#8221; custom_padding_tablet=&#8221;0px||||false|false&#8221; custom_padding_phone=&#8221;0px||0px||false|false&#8221; global_colors_info=&#8221;{}&#8221;][et_pb_column type=&#8221;4_4&#8243; _builder_version=&#8221;4.24.2&#8243; _module_preset=&#8221;default&#8221; global_colors_info=&#8221;{}&#8221;][et_pb_heading title=&#8221;Lo m\u00e1s vendido para la Festera&#8221; _builder_version=&#8221;4.27.0&#8243; _module_preset=&#8221;default&#8221; title_level=&#8221;h2&#8243; title_font=&#8221;Raleway|700|||||||&#8221; title_text_align=&#8221;center&#8221; title_text_color=&#8221;#1A1919&#8243; title_font_size=&#8221;28px&#8221; custom_margin=&#8221;||30px||false|false&#8221; custom_padding=&#8221;||||false|false&#8221; title_font_size_tablet=&#8221;28px&#8221; title_font_size_phone=&#8221;22px&#8221; title_font_size_last_edited=&#8221;on|phone&#8221; global_colors_info=&#8221;{}&#8221;][\/et_pb_heading][et_pb_shop type=&#8221;product_category&#8221; posts_number=&#8221;4&#8243; include_categories=&#8221;68&#8243; columns_number=&#8221;4&#8243; orderby=&#8221;date-desc&#8221; icon_hover_color=&#8221;RGBA(255,255,255,0)&#8221; hover_overlay_color=&#8221;RGBA(255,255,255,0)&#8221; show_price=&#8221;off&#8221; show_rating=&#8221;off&#8221; show_sale_badge=&#8221;off&#8221; _builder_version=&#8221;4.27.0&#8243; _module_preset=&#8221;default&#8221; text_orientation=&#8221;center&#8221; global_colors_info=&#8221;{}&#8221;][\/et_pb_shop][\/et_pb_column][\/et_pb_row][et_pb_row _builder_version=&#8221;4.26.0&#8243; _module_preset=&#8221;default&#8221; custom_margin_tablet=&#8221;&#8221; custom_margin_phone=&#8221;||0px||false|false&#8221; custom_margin_last_edited=&#8221;on|desktop&#8221; custom_padding=&#8221;0px||30px||false|false&#8221; global_colors_info=&#8221;{}&#8221;][et_pb_column type=&#8221;4_4&#8243; _builder_version=&#8221;4.24.2&#8243; _module_preset=&#8221;default&#8221; global_colors_info=&#8221;{}&#8221;][et_pb_button button_url=&#8221;@ET-DC@eyJkeW5hbWljIjp0cnVlLCJjb250ZW50IjoicG9zdF9saW5rX3VybF9wYWdlIiwic2V0dGluZ3MiOnsicG9zdF9pZCI6IjU1In19@&#8221; button_text=&#8221;M\u00e1s vestidos para Festeras y Reinas&#8221; button_alignment=&#8221;center&#8221; _builder_version=&#8221;4.27.0&#8243; _dynamic_attributes=&#8221;button_url&#8221; _module_preset=&#8221;default&#8221; custom_button=&#8221;on&#8221; button_text_size=&#8221;16px&#8221; button_text_color=&#8221;#FAF7F5&#8243; button_bg_color=&#8221;#1A1919&#8243; button_border_color=&#8221;#1A1919&#8243; button_border_radius=&#8221;5px&#8221; background_layout=&#8221;dark&#8221; custom_margin=&#8221;30px||||false|false&#8221; custom_margin_tablet=&#8221;30px||||false|false&#8221; custom_margin_phone=&#8221;0px||||false|false&#8221; custom_margin_last_edited=&#8221;on|phone&#8221; global_colors_info=&#8221;{}&#8221;][\/et_pb_button][\/et_pb_column][\/et_pb_row][\/et_pb_section][et_pb_section fb_built=&#8221;1&#8243; fullwidth=&#8221;on&#8221; admin_label=&#8221;Banner &#8211; Ceremonia Hombre&#8221; _builder_version=&#8221;4.27.0&#8243; _module_preset=&#8221;default&#8221; background_image=&#8221;https:\/\/penhalta.com\/valencia\/wp-content\/uploads\/2024\/02\/bg-banner-home-scaled.jpg&#8221; width=&#8221;100%&#8221; max_height=&#8221;30vh&#8221; custom_margin=&#8221;0px|0px|0px|0px|false|true&#8221; custom_padding=&#8221;0px|0px|0px|0px|true|true&#8221; collapsed=&#8221;on&#8221; global_colors_info=&#8221;{}&#8221;][et_pb_fullwidth_slider _builder_version=&#8221;4.27.0&#8243; _module_preset=&#8221;default&#8221; max_height=&#8221;30vh&#8221; custom_css_free_form=&#8221;p {||  text-shadow: none;||}&#8221; custom_css_slide_description=&#8221;animation-name: none;&#8221; global_colors_info=&#8221;{}&#8221;][et_pb_slide use_bg_overlay=&#8221;off&#8221; use_text_overlay=&#8221;off&#8221; _builder_version=&#8221;4.27.0&#8243; _module_preset=&#8221;default&#8221; body_font=&#8221;Raleway||||||||&#8221; body_text_align=&#8221;center&#8221; body_text_color=&#8221;#1A1919&#8243; body_font_size=&#8221;20px&#8221; background_image=&#8221;https:\/\/penhalta.com\/valencia\/wp-content\/uploads\/2024\/05\/home-banner-novio.png&#8221; background_enable_image=&#8221;on&#8221; text_orientation=&#8221;center&#8221; custom_padding=&#8221;100px|0px|100px|0px|true|true&#8221; custom_padding_tablet=&#8221;100px|0px|100px|0px|true|true&#8221; custom_padding_phone=&#8221;50px||50px||true|true&#8221; custom_padding_last_edited=&#8221;on|phone&#8221; body_font_size_tablet=&#8221;20px&#8221; body_font_size_phone=&#8221;14px&#8221; body_font_size_last_edited=&#8221;on|phone&#8221; global_colors_info=&#8221;{}&#8221; sticky_transition=&#8221;on&#8221;]<\/p>\n<p><span>En Penhalta cuidamos cada detalle para que el traje de novio hable por s\u00ed mismo. La <\/span><strong data-start=\"219\" data-end=\"245\">calidad de los tejidos<\/strong><span>, el <\/span><strong data-start=\"250\" data-end=\"273\">patronaje impecable<\/strong><span> y el <\/span><strong data-start=\"279\" data-end=\"296\" data-is-only-node=\"\">corte preciso<\/strong><span> son nuestra se\u00f1a de identidad.<\/span><\/p>\n<p>[\/et_pb_slide][\/et_pb_fullwidth_slider][\/et_pb_section][et_pb_section fb_built=&#8221;1&#8243; custom_padding_last_edited=&#8221;on|phone&#8221; admin_label=&#8221;Productos destacados &#8211; Ceremonia Hombre&#8221; _builder_version=&#8221;4.24.2&#8243; _module_preset=&#8221;default&#8221; custom_margin=&#8221;0px||0px||false|false&#8221; custom_padding=&#8221;70px||70px||true|false&#8221; custom_padding_tablet=&#8221;70px||70px||true|false&#8221; custom_padding_phone=&#8221;50px||20px||false|false&#8221; global_colors_info=&#8221;{}&#8221;][et_pb_row use_custom_gutter=&#8221;on&#8221; custom_padding_last_edited=&#8221;on|desktop&#8221; admin_label=&#8221;Fila&#8221; _builder_version=&#8221;4.24.2&#8243; _module_preset=&#8221;default&#8221; custom_margin=&#8221;0px||||false|false&#8221; custom_padding=&#8221;0px||0px||false|false&#8221; custom_padding_tablet=&#8221;0px||||false|false&#8221; custom_padding_phone=&#8221;0px||0px||false|false&#8221; global_colors_info=&#8221;{}&#8221;][et_pb_column type=&#8221;4_4&#8243; _builder_version=&#8221;4.24.2&#8243; _module_preset=&#8221;default&#8221; global_colors_info=&#8221;{}&#8221;][et_pb_heading title=&#8221;Lo m\u00e1s vendido en Tienda Hombre&#8221; _builder_version=&#8221;4.26.0&#8243; _module_preset=&#8221;default&#8221; title_level=&#8221;h2&#8243; title_font=&#8221;Raleway|700|||||||&#8221; title_text_align=&#8221;center&#8221; title_text_color=&#8221;#1A1919&#8243; title_font_size=&#8221;28px&#8221; custom_margin=&#8221;||30px||false|false&#8221; custom_padding=&#8221;||||false|false&#8221; title_font_size_tablet=&#8221;28px&#8221; title_font_size_phone=&#8221;22px&#8221; title_font_size_last_edited=&#8221;on|phone&#8221; global_colors_info=&#8221;{}&#8221;][\/et_pb_heading][et_pb_shop type=&#8221;product_category&#8221; posts_number=&#8221;4&#8243; include_categories=&#8221;119&#8243; columns_number=&#8221;4&#8243; orderby=&#8221;date-desc&#8221; icon_hover_color=&#8221;RGBA(255,255,255,0)&#8221; hover_overlay_color=&#8221;RGBA(255,255,255,0)&#8221; show_price=&#8221;off&#8221; show_rating=&#8221;off&#8221; show_sale_badge=&#8221;off&#8221; offset_number=&#8221;7&#8243; _builder_version=&#8221;4.27.0&#8243; _module_preset=&#8221;default&#8221; text_orientation=&#8221;center&#8221; global_colors_info=&#8221;{}&#8221;][\/et_pb_shop][\/et_pb_column][\/et_pb_row][et_pb_row _builder_version=&#8221;4.26.0&#8243; _module_preset=&#8221;default&#8221; custom_margin_tablet=&#8221;&#8221; custom_margin_phone=&#8221;||0px||false|false&#8221; custom_margin_last_edited=&#8221;on|phone&#8221; custom_padding=&#8221;0px||30px||false|false&#8221; global_colors_info=&#8221;{}&#8221;][et_pb_column type=&#8221;4_4&#8243; _builder_version=&#8221;4.24.2&#8243; _module_preset=&#8221;default&#8221; global_colors_info=&#8221;{}&#8221;][et_pb_button button_url=&#8221;@ET-DC@eyJkeW5hbWljIjp0cnVlLCJjb250ZW50IjoicG9zdF9saW5rX3VybF9wYWdlIiwic2V0dGluZ3MiOnsicG9zdF9pZCI6IjU3In19@&#8221; button_text=&#8221;M\u00e1s trajes en Tienda Hombre&#8221; button_alignment=&#8221;center&#8221; _builder_version=&#8221;4.26.0&#8243; _dynamic_attributes=&#8221;button_url&#8221; _module_preset=&#8221;default&#8221; custom_button=&#8221;on&#8221; button_text_size=&#8221;16px&#8221; button_text_color=&#8221;#FAF7F5&#8243; button_bg_color=&#8221;#1A1919&#8243; button_border_color=&#8221;#1A1919&#8243; button_border_radius=&#8221;5px&#8221; background_layout=&#8221;dark&#8221; custom_margin=&#8221;30px||||false|false&#8221; custom_margin_tablet=&#8221;30px||||false|false&#8221; custom_margin_phone=&#8221;0px||||false|false&#8221; custom_margin_last_edited=&#8221;on|phone&#8221; global_colors_info=&#8221;{}&#8221;][\/et_pb_button][\/et_pb_column][\/et_pb_row][\/et_pb_section][et_pb_section fb_built=&#8221;1&#8243; custom_padding_last_edited=&#8221;on|phone&#8221; admin_label=&#8221;Rese\u00f1as Google&#8221; _builder_version=&#8221;4.26.0&#8243; _module_preset=&#8221;default&#8221; background_color=&#8221;#F7F7F7&#8243; custom_margin=&#8221;0px||||false|false&#8221; custom_padding=&#8221;50px||50px||true|false&#8221; custom_padding_tablet=&#8221;50px||50px||true|false&#8221; custom_padding_phone=&#8221;30px||30px||true|false&#8221; global_colors_info=&#8221;{}&#8221;][et_pb_row _builder_version=&#8221;4.24.2&#8243; _module_preset=&#8221;default&#8221; global_colors_info=&#8221;{}&#8221;][et_pb_column type=&#8221;4_4&#8243; _builder_version=&#8221;4.24.2&#8243; _module_preset=&#8221;default&#8221; global_colors_info=&#8221;{}&#8221;][et_pb_heading title=&#8221;Qu\u00e9 dicen nuestros clientes de nosotros&#8221; _builder_version=&#8221;4.24.2&#8243; _module_preset=&#8221;default&#8221; title_level=&#8221;h2&#8243; title_font=&#8221;Raleway|700|||||||&#8221; title_text_align=&#8221;center&#8221; title_text_color=&#8221;#1A1919&#8243; title_font_size=&#8221;28px&#8221; custom_margin=&#8221;||30px||false|false&#8221; custom_padding=&#8221;||||false|false&#8221; title_font_size_tablet=&#8221;28px&#8221; title_font_size_phone=&#8221;22px&#8221; title_font_size_last_edited=&#8221;on|phone&#8221; global_colors_info=&#8221;{}&#8221;][\/et_pb_heading][et_pb_text _builder_version=&#8221;4.24.2&#8243; _module_preset=&#8221;default&#8221; global_colors_info=&#8221;{}&#8221;]<\/p>\n<pre class=\"ti-widget\" style=\"display: none\"><div class=\"ti-widget ti-goog ti-no-logo ti-review-text-mode-readmore ti-text-align-left\" data-no-translation=\"true\" data-layout-id=\"15\" data-set-id=\"ligth-border\" data-pid=\"\" data-pager-autoplay-timeout=\"6\" data-review-target-width=\"300\" data-language=\"es\" > <div class=\"ti-widget-container ti-col-3\"> <div class=\"ti-reviews-container\"> <div class=\"ti-controls\"> <div class=\"ti-next\" aria-label=\"Siguiente rese\u00f1a\" role=\"button\"><\/div> <div class=\"ti-prev\" aria-label=\"Rese\u00f1a anterior\" role=\"button\"><\/div> <\/div> <div class=\"ti-reviews-container-wrapper\">  <div data-empty=\"0\" class=\"ti-review-item source-Google\" > <div class=\"ti-inner\"> <div class=\"ti-review-content\"> <span class=\"ti-stars\"><span class=\"ti-star f\"><\/span><span class=\"ti-star f\"><\/span><span class=\"ti-star f\"><\/span><span class=\"ti-star f\"><\/span><span class=\"ti-star f\"><\/span><\/span> <div class=\"ti-review-text-container ti-review-text\"><!-- R-CONTENT -->Todo el equipo excepcional, trato impecable.\nMarta, Salud y Amparo unas profesionales de los pies a la cabeza.\nNo dudar\u00eda en volver a contar con ellas.<!-- R-CONTENT --><\/div> <span class=\"ti-read-more\" data-container=\".ti-review-text\" data-collapse-text=\"Ocultar\" data-open-text=\"Leer m\u00e1s\" ><\/span> <\/div> <\/div> <div class=\"ti-review-header\"> <div class=\"ti-profile-img\"> <img decoding=\"async\" src=\"https:\/\/lh3.googleusercontent.com\/a-\/ALV-UjUgbO9QjB3gxA8UNe6DPXLEbezhdltxnqpVKMvE4aoHmy3cOAI_NA=s120-c-rp-mo-br100\" alt=\"M GP\" \/> <\/div> <div class=\"ti-profile-details\"> <div class=\"ti-name\"> M GP <\/div> <div class=\"ti-date\">10\/04\/2024<\/div> <\/div> <\/div> <\/div>  <div data-empty=\"0\" class=\"ti-review-item source-Google\" > <div class=\"ti-inner\"> <div class=\"ti-review-content\"> <span class=\"ti-stars\"><span class=\"ti-star f\"><\/span><span class=\"ti-star f\"><\/span><span class=\"ti-star f\"><\/span><span class=\"ti-star f\"><\/span><span class=\"ti-star f\"><\/span><\/span> <div class=\"ti-review-text-container ti-review-text\"><!-- R-CONTENT -->\u00a1Trato excelente! Desde el minuto 1 Maria Jos\u00e9 entendi\u00f3 lo que buscaba y a lo largo del proceso hicimos las modificaciones necesarias del vestido para que quedara espectacular y tal como yo lo tenia en mi mente. Fue un acierto, recomiendo 100% Penhalta tanto por el servicio como por los resultados.<!-- R-CONTENT --><\/div> <span class=\"ti-read-more\" data-container=\".ti-review-text\" data-collapse-text=\"Ocultar\" data-open-text=\"Leer m\u00e1s\" ><\/span> <\/div> <\/div> <div class=\"ti-review-header\"> <div class=\"ti-profile-img\"> <img decoding=\"async\" src=\"https:\/\/lh3.googleusercontent.com\/a\/ACg8ocKSi99K_7_GLY0KJLVF1-T4fGfXvrTeYS5kTs8lfbmZQgTQeg=s120-c-rp-mo-br100\" alt=\"Ana Saez Capo\" \/> <\/div> <div class=\"ti-profile-details\"> <div class=\"ti-name\"> Ana Saez Capo <\/div> <div class=\"ti-date\">28\/03\/2024<\/div> <\/div> <\/div> <\/div>  <div data-empty=\"0\" class=\"ti-review-item source-Google\" > <div class=\"ti-inner\"> <div class=\"ti-review-content\"> <span class=\"ti-stars\"><span class=\"ti-star f\"><\/span><span class=\"ti-star f\"><\/span><span class=\"ti-star f\"><\/span><span class=\"ti-star f\"><\/span><span class=\"ti-star f\"><\/span><\/span> <div class=\"ti-review-text-container ti-review-text\"><!-- R-CONTENT -->El primer y \u00fanico sitio que visite, gracias a su trato desde el primer instante, sus ganas y como me entendieron desde el primer momento. Son un equipo de 10!!!. Gracias por vestirme en mi estilo y ayudarme<!-- R-CONTENT --><\/div> <span class=\"ti-read-more\" data-container=\".ti-review-text\" data-collapse-text=\"Ocultar\" data-open-text=\"Leer m\u00e1s\" ><\/span> <\/div> <\/div> <div class=\"ti-review-header\"> <div class=\"ti-profile-img\"> <img decoding=\"async\" src=\"https:\/\/lh3.googleusercontent.com\/a\/ACg8ocK0IqJl_aa9e_VCwjuQJGV0ZBe2Wdsz9k5mxgF65S7xlxNytg=s120-c-rp-mo-br100\" alt=\"Alba Murcia\" \/> <\/div> <div class=\"ti-profile-details\"> <div class=\"ti-name\"> Alba Murcia <\/div> <div class=\"ti-date\">22\/03\/2024<\/div> <\/div> <\/div> <\/div>  <div data-empty=\"0\" class=\"ti-review-item source-Google\" > <div class=\"ti-inner\"> <div class=\"ti-review-content\"> <span class=\"ti-stars\"><span class=\"ti-star f\"><\/span><span class=\"ti-star f\"><\/span><span class=\"ti-star f\"><\/span><span class=\"ti-star f\"><\/span><span class=\"ti-star f\"><\/span><\/span> <div class=\"ti-review-text-container ti-review-text\"><!-- R-CONTENT -->Me cas\u00e9 en 2023 y me compr\u00e9 el vestido de novia en Penhalta. Estoy muy contenta con el equipo, en especial con M\u00aa Jose. Desde el primer momento me puse en sus manos y me dej\u00e9 aconsejar. Y fu\u00e9 un acierto: supo lo que me quedar\u00eda bien y parec\u00eda que el vestido estaba hecho para m\u00ed. Una profesional de pies a cabeza, sol\u00f3 le vale la perfecci\u00f3n y eso se ve en el resultado. Mil gracias!!!<!-- R-CONTENT --><\/div> <span class=\"ti-read-more\" data-container=\".ti-review-text\" data-collapse-text=\"Ocultar\" data-open-text=\"Leer m\u00e1s\" ><\/span> <\/div> <\/div> <div class=\"ti-review-header\"> <div class=\"ti-profile-img\"> <img decoding=\"async\" src=\"https:\/\/lh3.googleusercontent.com\/a\/ACg8ocJw67caUJar2bLtdar3Xc4RPTna9fMunAstQEvpIIAgJDaI_Q=s120-c-rp-mo-br100\" alt=\"Yolanda\" \/> <\/div> <div class=\"ti-profile-details\"> <div class=\"ti-name\"> Yolanda <\/div> <div class=\"ti-date\">21\/02\/2024<\/div> <\/div> <\/div> <\/div>  <div data-empty=\"0\" class=\"ti-review-item source-Google\" > <div class=\"ti-inner\"> <div class=\"ti-review-content\"> <span class=\"ti-stars\"><span class=\"ti-star f\"><\/span><span class=\"ti-star f\"><\/span><span class=\"ti-star f\"><\/span><span class=\"ti-star f\"><\/span><span class=\"ti-star f\"><\/span><\/span> <div class=\"ti-review-text-container ti-review-text\"><!-- R-CONTENT -->Muy contenta con la atenci\u00f3n recibida en Penaltha tanto las dependientas como la modista muchas gracias!!!!!!!en cuanto tenga fotos os las mando .si tuviera otro evento volver\u00eda a vuestra tienda mil gracias????????????????????<!-- R-CONTENT --><\/div> <span class=\"ti-read-more\" data-container=\".ti-review-text\" data-collapse-text=\"Ocultar\" data-open-text=\"Leer m\u00e1s\" ><\/span> <\/div> <\/div> <div class=\"ti-review-header\"> <div class=\"ti-profile-img\"> <img decoding=\"async\" src=\"https:\/\/lh3.googleusercontent.com\/a\/ACg8ocJIHJ_x9eRuxeUjKj2frKohkccB5Uo6hRBh3BSpgI2HDsh_RA=s120-c-rp-mo-br100\" alt=\"Chelo Marqu\u00e9s\" \/> <\/div> <div class=\"ti-profile-details\"> <div class=\"ti-name\"> Chelo Marqu\u00e9s <\/div> <div class=\"ti-date\">21\/02\/2024<\/div> <\/div> <\/div> <\/div>  <div data-empty=\"0\" class=\"ti-review-item source-Google\" > <div class=\"ti-inner\"> <div class=\"ti-review-content\"> <span class=\"ti-stars\"><span class=\"ti-star f\"><\/span><span class=\"ti-star f\"><\/span><span class=\"ti-star f\"><\/span><span class=\"ti-star f\"><\/span><span class=\"ti-star f\"><\/span><\/span> <div class=\"ti-review-text-container ti-review-text\"><!-- R-CONTENT -->Han pillado al vuelo lo que yo quer\u00eda, y eso que era dif\u00edcil. Me han sabido asesorar desde el primer segundo. Me sacaron el modelo diciendo \u201cmm tengo algo que puede ser que te guste\u201d. Me prob\u00e9 EL vestido por la ma\u00f1ana y me lo compr\u00e9 por la tarde. Era un MONO PRECIOSO con una SOBREFALDA IMPRESIONANTE.\nEl tocado tambi\u00e9n me lo he comprado all\u00ed, la elecci\u00f3n perfecta.\nLas modificaciones posteriores las han hecho perfectas.<!-- R-CONTENT --><\/div> <span class=\"ti-read-more\" data-container=\".ti-review-text\" data-collapse-text=\"Ocultar\" data-open-text=\"Leer m\u00e1s\" ><\/span> <\/div> <\/div> <div class=\"ti-review-header\"> <div class=\"ti-profile-img\"> <img decoding=\"async\" src=\"https:\/\/lh3.googleusercontent.com\/a\/ACg8ocJco5_Ph4QEjdvw13Ki8iTJNCi8JPBqXFVkZrLlqC24VMxjuA=s120-c-rp-mo-ba3-br100\" alt=\"Andreea\" \/> <\/div> <div class=\"ti-profile-details\"> <div class=\"ti-name\"> Andreea <\/div> <div class=\"ti-date\">31\/12\/2023<\/div> <\/div> <\/div> <\/div>  <div data-empty=\"0\" class=\"ti-review-item source-Google\" > <div class=\"ti-inner\"> <div class=\"ti-review-content\"> <span class=\"ti-stars\"><span class=\"ti-star f\"><\/span><span class=\"ti-star f\"><\/span><span class=\"ti-star f\"><\/span><span class=\"ti-star f\"><\/span><span class=\"ti-star f\"><\/span><\/span> <div class=\"ti-review-text-container ti-review-text\"><!-- R-CONTENT -->Elegir a Penhalta Novias para el gran d\u00eda fue una decisi\u00f3n acertad\u00edsima. Atenci\u00f3n personalizada y trato inigualable, buscaron mi vestido perfecto y el resultado fue espectacular.\nAgradecida de haberlas encontrado dentro de la gran oferta que existe en el mundo de las novias. Repetir\u00eda de nuevo sin dudarlo.\nLaura<!-- R-CONTENT --><\/div> <span class=\"ti-read-more\" data-container=\".ti-review-text\" data-collapse-text=\"Ocultar\" data-open-text=\"Leer m\u00e1s\" ><\/span> <\/div> <\/div> <div class=\"ti-review-header\"> <div class=\"ti-profile-img\"> <img decoding=\"async\" src=\"https:\/\/lh3.googleusercontent.com\/a\/ACg8ocKuQ9kUI4CrdhJUM5ahJuLAOdUBmUedZoMFlfFvMxJ9A7z6vw=s120-c-rp-mo-br100\" alt=\"Laura Guill\u00e9n Barber\u00e1\" \/> <\/div> <div class=\"ti-profile-details\"> <div class=\"ti-name\"> Laura Guill\u00e9n Barber\u00e1 <\/div> <div class=\"ti-date\">18\/11\/2023<\/div> <\/div> <\/div> <\/div>  <div data-empty=\"0\" class=\"ti-review-item source-Google\" > <div class=\"ti-inner\"> <div class=\"ti-review-content\"> <span class=\"ti-stars\"><span class=\"ti-star f\"><\/span><span class=\"ti-star f\"><\/span><span class=\"ti-star f\"><\/span><span class=\"ti-star f\"><\/span><span class=\"ti-star f\"><\/span><\/span> <div class=\"ti-review-text-container ti-review-text\"><!-- R-CONTENT -->Me compr\u00e9 mi segundo vestido 1 mes y medio antes de mi boda en Penhalta. Un vestido precioso que me lo arreglaron enseguida. Las chicas que estuvieron conmigo en las pruebas muy simp\u00e1ticas y ajust\u00e1ndose a cada cosa que les ped\u00ed. Tienen vestidos preciosos!<!-- R-CONTENT --><\/div> <span class=\"ti-read-more\" data-container=\".ti-review-text\" data-collapse-text=\"Ocultar\" data-open-text=\"Leer m\u00e1s\" ><\/span> <\/div> <\/div> <div class=\"ti-review-header\"> <div class=\"ti-profile-img\"> <img decoding=\"async\" src=\"https:\/\/lh3.googleusercontent.com\/a\/ACg8ocIl2IRtHpNr-QhVN0mhQiNlHBk_pyw4o0VbKpyWFdtx8SzVgw=s120-c-rp-mo-br100\" alt=\"angela lloret\" \/> <\/div> <div class=\"ti-profile-details\"> <div class=\"ti-name\"> angela lloret <\/div> <div class=\"ti-date\">13\/11\/2023<\/div> <\/div> <\/div> <\/div>  <\/div> <div class=\"ti-controls-line\"> <div class=\"dot\"><\/div> <\/div> <\/div>   <\/div> <\/div> <\/pre>\n<p>[\/et_pb_text][\/et_pb_column][\/et_pb_row][\/et_pb_section][et_pb_section fb_built=&#8221;1&#8243; admin_label=&#8221;Pedir Cita&#8221; _builder_version=&#8221;4.24.2&#8243; _module_preset=&#8221;default&#8221; background_color=&#8221;RGBA(255,255,255,0)&#8221; custom_margin=&#8221;0px||||false|false&#8221; custom_padding=&#8221;0px||0px||true|false&#8221; global_colors_info=&#8221;{}&#8221;][et_pb_row _builder_version=&#8221;4.24.2&#8243; _module_preset=&#8221;default&#8221; custom_padding=&#8221;70px||10px||false|false&#8221; global_colors_info=&#8221;{}&#8221;][et_pb_column type=&#8221;4_4&#8243; _builder_version=&#8221;4.24.2&#8243; _module_preset=&#8221;default&#8221; global_colors_info=&#8221;{}&#8221;][et_pb_heading title=&#8221;Pide tu cita&#8221; _builder_version=&#8221;4.24.2&#8243; _module_preset=&#8221;default&#8221; title_level=&#8221;h2&#8243; title_font=&#8221;Raleway|700|||||||&#8221; title_text_color=&#8221;#1A1919&#8243; title_font_size=&#8221;34px&#8221; custom_margin=&#8221;||0px||false|false&#8221; custom_margin_tablet=&#8221;&#8221; custom_margin_phone=&#8221;||0px||false|false&#8221; custom_margin_last_edited=&#8221;on|desktop&#8221; title_font_size_tablet=&#8221;34px&#8221; title_font_size_phone=&#8221;22px&#8221; title_font_size_last_edited=&#8221;on|phone&#8221; global_colors_info=&#8221;{}&#8221;][\/et_pb_heading][et_pb_text _builder_version=&#8221;4.24.2&#8243; _module_preset=&#8221;default&#8221; global_colors_info=&#8221;{}&#8221;]<\/p>\n<p>Puedes pedir cita en todas las tiendas y probarte todos nuestros estilos<\/p>\n<p>[\/et_pb_text][et_pb_text _builder_version=&#8221;4.24.2&#8243; _module_preset=&#8221;default&#8221; global_colors_info=&#8221;{}&#8221;]\n<div class=\"wpcf7 no-js\" id=\"wpcf7-f7033-o1\" lang=\"es-ES\" dir=\"ltr\">\n<div class=\"screen-reader-response\"><p role=\"status\" aria-live=\"polite\" aria-atomic=\"true\"><\/p> <ul><\/ul><\/div>\n<form action=\"\/valencia\/wp-json\/wp\/v2\/pages\/64#wpcf7-f7033-o1\" method=\"post\" class=\"wpcf7-form init\" aria-label=\"Formulario de contacto\" novalidate=\"novalidate\" data-status=\"init\">\n<div style=\"display: none;\">\n<input type=\"hidden\" name=\"_wpcf7\" value=\"7033\" \/>\n<input type=\"hidden\" name=\"_wpcf7_version\" value=\"5.9.8\" \/>\n<input type=\"hidden\" name=\"_wpcf7_locale\" value=\"es_ES\" \/>\n<input type=\"hidden\" name=\"_wpcf7_unit_tag\" value=\"wpcf7-f7033-o1\" \/>\n<input type=\"hidden\" name=\"_wpcf7_container_post\" value=\"0\" \/>\n<input type=\"hidden\" name=\"_wpcf7_posted_data_hash\" value=\"\" \/>\n<input type=\"hidden\" name=\"_wpcf7_recaptcha_response\" value=\"\" \/>\n<\/div>\n<div class=\"two-col\">\n\t<p><span class=\"wpcf7-form-control-wrap\" data-name=\"your-name\"><input size=\"40\" maxlength=\"400\" class=\"wpcf7-form-control wpcf7-text wpcf7-validates-as-required\" aria-required=\"true\" aria-invalid=\"false\" placeholder=\"Nombre y apellido\" value=\"\" type=\"text\" name=\"your-name\" \/><\/span><span class=\"wpcf7-form-control-wrap\" data-name=\"your-tel\"><input size=\"40\" maxlength=\"400\" class=\"wpcf7-form-control wpcf7-tel wpcf7-validates-as-required wpcf7-text wpcf7-validates-as-tel\" aria-required=\"true\" aria-invalid=\"false\" placeholder=\"Tel\u00e9fono\" value=\"\" type=\"tel\" name=\"your-tel\" \/><\/span>\n\t<\/p>\n<\/div>\n<div class=\"two-col\">\n\t<p><span class=\"wpcf7-form-control-wrap\" data-name=\"your-email\"><input size=\"40\" maxlength=\"400\" class=\"wpcf7-form-control wpcf7-email wpcf7-validates-as-required wpcf7-text wpcf7-validates-as-email\" aria-required=\"true\" aria-invalid=\"false\" placeholder=\"Email\" value=\"\" type=\"email\" name=\"your-email\" \/><\/span>        <span  class=\"wpcf7-form-control-wrap your-date-wedding\" data-name=\"your-date-wedding\">\n        \t<input size=\"40\" class=\"wpcf7-form-control wpcf7-datepicker wpcf7-validates-as-required datepicker gmdpcf_datepicker\" placeholder=\"Fecha del evento\" format=\"dd-mm-yy\" min_val=\"current|plus|1|days\" max_val=\"no_limit\" disable_weekdays=\"\" aria-required=\"true\" aria-invalid=\"false\" type=\"text\" name=\"your-date-wedding\" \/>\n        \t\t\t<\/span >\n        \n\t<\/p>\n<\/div>\n<div class=\"two-col\">\n\t<p>        <span  class=\"wpcf7-form-control-wrap your-date-cita\" data-name=\"your-date-cita\">\n        \t<input size=\"40\" class=\"wpcf7-form-control wpcf7-datepicker wpcf7-validates-as-required datepicker gmdpcf_datepicker\" placeholder=\"Fecha deseada para la cita\" format=\"dd-mm-yy\" min_val=\"current|plus|0|days\" max_val=\"no_limit\" disable_weekdays=\"sunday\" aria-required=\"true\" aria-invalid=\"false\" type=\"text\" name=\"your-date-cita\" \/>\n        \t\t\t<\/span >\n        \n\t<\/p>\n<\/div>\n<div class=\"title-tienda-checkbox\">\n\t<p><strong>\u00bfEn qu\u00e9 tienda quieres reservar tu cita?<\/strong>\n\t<\/p>\n<\/div>\n<p><span class=\"wpcf7-form-control-wrap\" data-name=\"your-tienda\"><span class=\"wpcf7-form-control wpcf7-checkbox wpcf7-validates-as-required\"><span class=\"wpcf7-list-item first\"><label><input type=\"checkbox\" name=\"your-tienda[]\" value=\"Novia, Madrina, Invitada - C\/ Sant Vicent M\u00e0rtir 70, (planta 1), 46002 Val\u00e8ncia\" \/><span class=\"wpcf7-list-item-label\">Novia, Madrina, Invitada - C\/ Sant Vicent M\u00e0rtir 70, (planta 1), 46002 Val\u00e8ncia<\/span><\/label><\/span><span class=\"wpcf7-list-item\"><label><input type=\"checkbox\" name=\"your-tienda[]\" value=\"Festeras y Reinas - C\/ Sant Vicent M\u00e0rtir 70 (planta 1), 46002 Val\u00e8ncia\" \/><span class=\"wpcf7-list-item-label\">Festeras y Reinas - C\/ Sant Vicent M\u00e0rtir 70 (planta 1), 46002 Val\u00e8ncia<\/span><\/label><\/span><span class=\"wpcf7-list-item last\"><label><input type=\"checkbox\" name=\"your-tienda[]\" value=\"Novio y ceremonia - C\/ Sant Vicent M\u00e0rtir 70 (planta baja), 46002 Val\u00e8ncia\" \/><span class=\"wpcf7-list-item-label\">Novio y ceremonia - C\/ Sant Vicent M\u00e0rtir 70 (planta baja), 46002 Val\u00e8ncia<\/span><\/label><\/span><\/span><\/span>\n<\/p>\n<div class=\"acceptance\">\n\t<p><span class=\"wpcf7-form-control-wrap\" data-name=\"acceptance\"><span class=\"wpcf7-form-control wpcf7-acceptance\"><span class=\"wpcf7-list-item\"><label><input type=\"checkbox\" name=\"acceptance\" value=\"1\" checked=\"checked\" aria-invalid=\"false\" \/><span class=\"wpcf7-list-item-label\">Acepto los <a href=\"\/valencia\/politica-privacidad-terminos-y-condiciones\/\">t\u00e9rminos y condiciones<\/a><\/span><\/label><\/span><\/span><\/span>\n\t<\/p>\n<\/div>\n<p><input class=\"wpcf7-form-control wpcf7-submit has-spinner\" type=\"submit\" value=\"Enviar\" \/>\n<\/p><div class=\"wpcf7-response-output\" aria-hidden=\"true\"><\/div>\n<\/form>\n<\/div>\n[\/et_pb_text][\/et_pb_column][\/et_pb_row][\/et_pb_section][et_pb_section fb_built=&#8221;1&#8243; fullwidth=&#8221;on&#8221; admin_label=&#8221;Google Maps&#8221; _builder_version=&#8221;4.24.2&#8243; _module_preset=&#8221;default&#8221; background_image=&#8221;https:\/\/penhalta.com\/valencia\/wp-content\/uploads\/2024\/02\/bg-banner-home-scaled.jpg&#8221; width=&#8221;100%&#8221; custom_margin=&#8221;0px|0px|0px|0px|false|true&#8221; custom_padding=&#8221;0px|0px|0px|0px|true|true&#8221; global_colors_info=&#8221;{}&#8221;][et_pb_fullwidth_image _builder_version=&#8221;4.24.2&#8243; _module_preset=&#8221;default&#8221; background_color=&#8221;#ffffff&#8221; z_index=&#8221;1000&#8243; height=&#8221;60px&#8221; max_height=&#8221;60px&#8221; custom_margin=&#8221;||2px||false|false&#8221; global_colors_info=&#8221;{}&#8221;][\/et_pb_fullwidth_image][et_pb_fullwidth_code _builder_version=&#8221;4.27.0&#8243; _module_preset=&#8221;default&#8221; global_colors_info=&#8221;{}&#8221;]<iframe src=\"https:\/\/www.google.com\/maps\/embed?pb=!1m18!1m12!1m3!1d1539.9916009785422!2d-0.3794363303754721!3d39.469708198225455!2m3!1f0!2f0!3f0!3m2!1i1024!2i768!4f13.1!3m3!1m2!1s0xd604fb9cbd2ffa3%3A0xfbeaf59b4b08c433!2sPenhalta%20Hombre!5e0!3m2!1ses!2ses!4v1758879588119!5m2!1ses!2ses\" width=\"100%\" height=\"450\" style=\"border:0;\" allowfullscreen=\"\" loading=\"lazy\" referrerpolicy=\"no-referrer-when-downgrade\"><\/iframe>[\/et_pb_fullwidth_code][\/et_pb_section]<\/p>\n","protected":false},"excerpt":{"rendered":"<p>Nueva Colecci\u00f3nNueva Colecci\u00f3nC\/ San Vicente 70 (planta 1), ValenciaC\/ San Vicente 70 (planta 1), ValenciaC\/ San Vicente 70 (planta 0), ValenciaPenhalta es una firma internacional de referencia en moda nupcial y de ceremonia.Con m\u00e1s de 50 a\u00f1os de historia, hemos acompa\u00f1ado a miles de novias, novios, madrinas e invitadas en su gran d\u00eda, creando dise\u00f1os [&hellip;]<\/p>\n","protected":false},"author":1,"featured_media":0,"parent":0,"menu_order":0,"comment_status":"closed","ping_status":"closed","template":"","meta":{"_et_pb_use_builder":"on","_et_pb_old_content":"","_et_gb_content_width":"","footnotes":""},"class_list":["post-64","page","type-page","status-publish","hentry"],"yoast_head":"<!-- This site is optimized with the Yoast SEO plugin v23.2 - https:\/\/yoast.com\/wordpress\/plugins\/seo\/ -->\n<title>Inicio - Penhalta Valencia | Vestidos de novia, caballero, fiesta y ceremonia en Valencia<\/title>\n<meta name=\"description\" content=\"3 Tiendas con mas de 1000m2 en el centro de Valencia de Vestidos de Novia, Fiesta, Ceremonia y Festeras as\u00ed como trajes de novio y acompante\" \/>\n<meta name=\"robots\" content=\"index, follow, max-snippet:-1, max-image-preview:large, max-video-preview:-1\" \/>\n<link rel=\"canonical\" href=\"https:\/\/penhalta.com\/valencia\/\" \/>\n<meta property=\"og:locale\" content=\"es_ES\" \/>\n<meta property=\"og:type\" content=\"article\" \/>\n<meta property=\"og:title\" content=\"Inicio - Penhalta Valencia | Vestidos de novia, caballero, fiesta y ceremonia en Valencia\" \/>\n<meta property=\"og:description\" content=\"3 Tiendas con mas de 1000m2 en el centro de Valencia de Vestidos de Novia, Fiesta, Ceremonia y Festeras as\u00ed como trajes de novio y acompante\" \/>\n<meta property=\"og:url\" content=\"https:\/\/penhalta.com\/valencia\/\" \/>\n<meta property=\"og:site_name\" content=\"Penhalta Valencia | Vestidos de novia, caballero, fiesta y ceremonia en Valencia\" \/>\n<meta property=\"article:modified_time\" content=\"2026-01-16T16:53:24+00:00\" \/>\n<meta name=\"twitter:card\" content=\"summary_large_image\" \/>\n<meta name=\"twitter:label1\" content=\"Tiempo de lectura\" \/>\n\t<meta name=\"twitter:data1\" content=\"5 minutos\" \/>\n<script type=\"application\/ld+json\" class=\"yoast-schema-graph\">{\"@context\":\"https:\/\/schema.org\",\"@graph\":[{\"@type\":\"WebPage\",\"@id\":\"https:\/\/penhalta.com\/valencia\/\",\"url\":\"https:\/\/penhalta.com\/valencia\/\",\"name\":\"Inicio - Penhalta Valencia | Vestidos de novia, caballero, fiesta y ceremonia en Valencia\",\"isPartOf\":{\"@id\":\"https:\/\/penhalta.com\/valencia\/#website\"},\"datePublished\":\"2024-02-21T18:37:34+00:00\",\"dateModified\":\"2026-01-16T16:53:24+00:00\",\"description\":\"3 Tiendas con mas de 1000m2 en el centro de Valencia de Vestidos de Novia, Fiesta, Ceremonia y Festeras as\u00ed como trajes de novio y acompante\",\"breadcrumb\":{\"@id\":\"https:\/\/penhalta.com\/valencia\/#breadcrumb\"},\"inLanguage\":\"es\",\"potentialAction\":[{\"@type\":\"ReadAction\",\"target\":[\"https:\/\/penhalta.com\/valencia\/\"]}]},{\"@type\":\"BreadcrumbList\",\"@id\":\"https:\/\/penhalta.com\/valencia\/#breadcrumb\",\"itemListElement\":[{\"@type\":\"ListItem\",\"position\":1,\"name\":\"Portada\",\"item\":\"https:\/\/penhalta.com\/valencia\/\"},{\"@type\":\"ListItem\",\"position\":2,\"name\":\"Inicio\"}]},{\"@type\":\"WebSite\",\"@id\":\"https:\/\/penhalta.com\/valencia\/#website\",\"url\":\"https:\/\/penhalta.com\/valencia\/\",\"name\":\"Penhalta Valencia | Vestidos de novia, caballero, fiesta y ceremonia en Valencia\",\"description\":\"Vestidos de novia, caballero, fiesta y ceremonia en Valencia\",\"potentialAction\":[{\"@type\":\"SearchAction\",\"target\":{\"@type\":\"EntryPoint\",\"urlTemplate\":\"https:\/\/penhalta.com\/valencia\/?s={search_term_string}\"},\"query-input\":\"required name=search_term_string\"}],\"inLanguage\":\"es\"}]}<\/script>\n<!-- \/ Yoast SEO plugin. -->","yoast_head_json":{"title":"Inicio - Penhalta Valencia | Vestidos de novia, caballero, fiesta y ceremonia en Valencia","description":"3 Tiendas con mas de 1000m2 en el centro de Valencia de Vestidos de Novia, Fiesta, Ceremonia y Festeras as\u00ed como trajes de novio y acompante","robots":{"index":"index","follow":"follow","max-snippet":"max-snippet:-1","max-image-preview":"max-image-preview:large","max-video-preview":"max-video-preview:-1"},"canonical":"https:\/\/penhalta.com\/valencia\/","og_locale":"es_ES","og_type":"article","og_title":"Inicio - Penhalta Valencia | Vestidos de novia, caballero, fiesta y ceremonia en Valencia","og_description":"3 Tiendas con mas de 1000m2 en el centro de Valencia de Vestidos de Novia, Fiesta, Ceremonia y Festeras as\u00ed como trajes de novio y acompante","og_url":"https:\/\/penhalta.com\/valencia\/","og_site_name":"Penhalta Valencia | Vestidos de novia, caballero, fiesta y ceremonia en Valencia","article_modified_time":"2026-01-16T16:53:24+00:00","twitter_card":"summary_large_image","twitter_misc":{"Tiempo de lectura":"5 minutos"},"schema":{"@context":"https:\/\/schema.org","@graph":[{"@type":"WebPage","@id":"https:\/\/penhalta.com\/valencia\/","url":"https:\/\/penhalta.com\/valencia\/","name":"Inicio - Penhalta Valencia | Vestidos de novia, caballero, fiesta y ceremonia en Valencia","isPartOf":{"@id":"https:\/\/penhalta.com\/valencia\/#website"},"datePublished":"2024-02-21T18:37:34+00:00","dateModified":"2026-01-16T16:53:24+00:00","description":"3 Tiendas con mas de 1000m2 en el centro de Valencia de Vestidos de Novia, Fiesta, Ceremonia y Festeras as\u00ed como trajes de novio y acompante","breadcrumb":{"@id":"https:\/\/penhalta.com\/valencia\/#breadcrumb"},"inLanguage":"es","potentialAction":[{"@type":"ReadAction","target":["https:\/\/penhalta.com\/valencia\/"]}]},{"@type":"BreadcrumbList","@id":"https:\/\/penhalta.com\/valencia\/#breadcrumb","itemListElement":[{"@type":"ListItem","position":1,"name":"Portada","item":"https:\/\/penhalta.com\/valencia\/"},{"@type":"ListItem","position":2,"name":"Inicio"}]},{"@type":"WebSite","@id":"https:\/\/penhalta.com\/valencia\/#website","url":"https:\/\/penhalta.com\/valencia\/","name":"Penhalta Valencia | Vestidos de novia, caballero, fiesta y ceremonia en Valencia","description":"Vestidos de novia, caballero, fiesta y ceremonia en Valencia","potentialAction":[{"@type":"SearchAction","target":{"@type":"EntryPoint","urlTemplate":"https:\/\/penhalta.com\/valencia\/?s={search_term_string}"},"query-input":"required name=search_term_string"}],"inLanguage":"es"}]}},"_links":{"self":[{"href":"https:\/\/penhalta.com\/valencia\/wp-json\/wp\/v2\/pages\/64"}],"collection":[{"href":"https:\/\/penhalta.com\/valencia\/wp-json\/wp\/v2\/pages"}],"about":[{"href":"https:\/\/penhalta.com\/valencia\/wp-json\/wp\/v2\/types\/page"}],"author":[{"embeddable":true,"href":"https:\/\/penhalta.com\/valencia\/wp-json\/wp\/v2\/users\/1"}],"replies":[{"embeddable":true,"href":"https:\/\/penhalta.com\/valencia\/wp-json\/wp\/v2\/comments?post=64"}],"version-history":[{"count":179,"href":"https:\/\/penhalta.com\/valencia\/wp-json\/wp\/v2\/pages\/64\/revisions"}],"predecessor-version":[{"id":9597,"href":"https:\/\/penhalta.com\/valencia\/wp-json\/wp\/v2\/pages\/64\/revisions\/9597"}],"wp:attachment":[{"href":"https:\/\/penhalta.com\/valencia\/wp-json\/wp\/v2\/media?parent=64"}],"curies":[{"name":"wp","href":"https:\/\/api.w.org\/{rel}","templated":true}]}}